{"id":1586,"date":"2023-11-13T14:10:23","date_gmt":"2023-11-13T13:10:23","guid":{"rendered":"https:\/\/karlsruhe.digital\/smart-mobilitiy\/"},"modified":"2025-08-28T09:42:51","modified_gmt":"2025-08-28T07:42:51","slug":"smart-mobility","status":"publish","type":"page","link":"https:\/\/karlsruhe.digital\/en\/smart-city\/smart-mobility\/","title":{"rendered":"Smart Mobility"},"content":{"rendered":"<section\n  \n  class=\"b-section h-pt-0 none h-pb-xl none\"\n>\n            <div\n  \n  data-type=\"module\"\n  data-name=\"generic_media_text\"\n  class=\"h-pt-0 none h-pb-xl none\"\n>\n  <div class=\"o-media-text o-media-text--media-left h-clearfix\">\n  <div class=\"o-media-text__wrapper-media\">\n          <div class='m-media-full o-media-text__media'>\n  \n\n<div class=\"a-image \">\n\t<div class=\"a-image__content\">\n\t\t<picture class=\"a-image__w\" data-subtype=\"jpeg\">\n\t\t\t\t\t\t\t\t\t\t\n\t\t\t\t\t\t\t\n\t\t\t\t\t\t\t<img class=\"a-image__tag\" src=\"https:\/\/karlsruhe.digital\/wp-content\/uploads\/2023\/11\/mobilitaetsportal_karte-scaled.jpg\" alt=\"Mobilit\u00e4tsportal: So l\u00e4uft der Verkehr rund um Karlsruhe\" width=\"2560\" height=\"1600\" loading=\"lazy\" decoding=\"async\">\n\t\t\t\n\t\t<\/picture>\n\t<\/div>\n<\/div>\n\n  \n  <\/div>\n      <\/div>\n\n  <div class=\"o-media-text__wrapper-text h-clearfix\">\n    <div class=\"grid is-mid\">\n      <div class=\"column\" style=\"--m:12;--l:10; --m-start:2; --l-start:3;\">\n\n        \n<header class=\"m-headline \">\n  \n      <div class=\"s-base m-headline__content\"><h2>Mobility portal<\/h2>\n<h3><em>Mobility portal: How traffic runs around Karlsruhe  <\/em><\/h3>\n<p>Where does traffic move, where does it stall? What about parking or changing trains?<br \/>\nThe overview map of the online mobility portal answers these and many other questions as a service for citizens that is unique in Germany. Interested parties can find out about the current traffic situation, current parking garage occupancy or bus and train departure times free of charge and mostly in real time.<br \/>\nThe information platform bundles all information on motor vehicle and bicycle traffic, public transport and multimodal mobility. It is fed by traffic data from the states of Baden- W\u00fcrttemberg, Rhineland-Palatinate and the French Collectivit\u00e9 europ\u00e9enne d&#8217;Alsace. The traffic flow is updated every three minutes and e-charging stations, disabled parking spaces, parking ticket or resident parking zones and the current occupancy of the parking garages can also be called up via the service. Information on ferry connections with a link to the timetables and an overview of bicycle rental services or car sharing stations complete the offer.<br \/>\nKarlsruhe is the origin of this &#8220;information package&#8221;, which was launched in 2010 as a project of the city and has since been expanded into a cross-border mobility platform. The portal reaches almost three million people. This makes online plannable mobility in the Karlsruhe TechnologyRegion unique in Germany.<\/p>\n<\/div>\n  <\/header>\n\n        \n                  <footer class=\"o-media-text__wrapper-text__footer h-pb-l\">\n            \n\n  <a\n    href='https:\/\/mobil.trk.de\/'\n    title='Mobility portal of the city of Karlsruhe'\n    target='_blank'\n    class='a-button arrow-up-right '\n    \n    \n  >\n\n      \n<svg class=\"a-icon a-icon--arrow-up-right\" aria-label=\"arrow-up-right\"><use xlink:href=\"#icon-arrow-up-right\"><\/use><\/svg>\n    <span>Mobility portal of the city of Karlsruhe<\/span>\n\n  <\/a>\n          <\/footer>\n              <\/div>\n    <\/div>\n  <\/div>\n<\/div>\n<\/div>\n\n                <div\n  \n  data-type=\"module\"\n  data-name=\"generic_media_text\"\n  class=\"h-pt-0 none h-pb-xl none\"\n>\n  <div class=\"o-media-text o-media-text--media-right h-clearfix\">\n  <div class=\"o-media-text__wrapper-media\">\n          <div class='m-media-full o-media-text__media'>\n  \n\n<div class=\"a-image \">\n\t<div class=\"a-image__content\">\n\t\t<picture class=\"a-image__w\" data-subtype=\"jpeg\">\n\t\t\t\t\t\t\t\t\t\t\n\t\t\t\t\t\t\t\n\t\t\t\t\t\t\t<img class=\"a-image__tag\" src=\"https:\/\/karlsruhe.digital\/wp-content\/uploads\/2023\/11\/regiomove.jpg\" alt=\"regiomove: Das Mobilit\u00e4tsprojekt f\u00fcr Karlsruhe und die Region\" width=\"1440\" height=\"935\" loading=\"lazy\" decoding=\"async\">\n\t\t\t\n\t\t<\/picture>\n\t<\/div>\n<\/div>\n\n  \n  <\/div>\n      <\/div>\n\n  <div class=\"o-media-text__wrapper-text h-clearfix\">\n    <div class=\"grid is-mid\">\n      <div class=\"column\" style=\"--m:12;--l:10; \">\n\n        \n<header class=\"m-headline \">\n      \n<h3 class='a-h3 m-headline__heading'>\n  regiomove\n<\/h3>\n  \n      <div class=\"s-base m-headline__content\"><h3><em>regiomove: The mobility project for Karlsruhe and the region<\/em><\/h3>\n<p>regiomove is a pilot project that will run until the end of 2020. The aim of the regiomove app is to connect Karlsruhe&#8217;s existing transport services with those of the surrounding area and thus the entire Middle Upper Rhine region. Whether by train, bus, rental bike or car sharing. Whether rural or urban. They will all be integrated into a network that will transform the <a href=\"https:\/\/www.kvv.de\/\" target=\"_blank\" rel=\"noopener\">Karlsruhe Transport Association (KVV)<\/a> into a mobility network.<br \/>\nregiomove is a flagship project of the Karlsruhe TechnologyRegion and one of the TOP3 in the German Sustainability Award.<\/p>\n<\/div>\n  <\/header>\n\n        \n                  <footer class=\"o-media-text__wrapper-text__footer h-pb-l\">\n            \n\n  <a\n    href='https:\/\/www.kvv.de\/mobilitaet\/regiomove.html'\n    title='regiomove for Karlsruhe and the region'\n    target='_blank'\n    class='a-button arrow-up-right '\n    \n    \n  >\n\n      \n<svg class=\"a-icon a-icon--arrow-up-right\" aria-label=\"arrow-up-right\"><use xlink:href=\"#icon-arrow-up-right\"><\/use><\/svg>\n    <span>regiomove for Karlsruhe and the region<\/span>\n\n  <\/a>\n          <\/footer>\n              <\/div>\n    <\/div>\n  <\/div>\n<\/div>\n<\/div>\n\n                <div\n  \n  data-type=\"module\"\n  data-name=\"generic_media_text\"\n  class=\"h-pt-0 none h-pb-xl none\"\n>\n  <div class=\"o-media-text o-media-text--media-left h-clearfix\">\n  <div class=\"o-media-text__wrapper-media\">\n          <div class='m-media-full o-media-text__media'>\n  \n\n<div class=\"a-image \">\n\t<div class=\"a-image__content\">\n\t\t<picture class=\"a-image__w\" data-subtype=\"jpeg\">\n\t\t\t\t\t\t\t\t\t\t\n\t\t\t\t\t\t\t\n\t\t\t\t\t\t\t<img class=\"a-image__tag\" src=\"https:\/\/karlsruhe.digital\/wp-content\/uploads\/2023\/11\/Verkehrsleitsystem-Tiefbauamt.jpg\" alt=\"Smartes Verkehrsleitsystem entlastet Karlsruher Innenstadt\" width=\"271\" height=\"439\" loading=\"lazy\" decoding=\"async\">\n\t\t\t\n\t\t<\/picture>\n\t<\/div>\n<\/div>\n\n  \n  <\/div>\n      <\/div>\n\n  <div class=\"o-media-text__wrapper-text h-clearfix\">\n    <div class=\"grid is-mid\">\n      <div class=\"column\" style=\"--m:12;--l:10; --m-start:2; --l-start:3;\">\n\n        \n<header class=\"m-headline \">\n      \n<h3 class='a-h3 m-headline__heading'>\n  Smart traffic guidance system\n<\/h3>\n  \n      <div class=\"s-base m-headline__content\"><p>During the 2019 Advent season in Karlsruhe, the city and municipal utilities tested a smart traffic guidance system that dynamically directed drivers to free routes and parking spaces. LED signs on six main roads showed the most efficient and environmentally friendly route in real time &#8211; based on thermal images, GPS data and live parking garage information. In this way, traffic jams were specifically avoided and the traffic situation eased. The smart control system ran centrally via a smart city platform &#8211; a foretaste of the mobility of the future.   <\/p>\n<\/div>\n  <\/header>\n\n        \n                  <footer class=\"o-media-text__wrapper-text__footer h-pb-l\">\n            \n\n  <a\n    href='https:\/\/www.stadtwerke-karlsruhe.de\/de\/unternehmen\/engagement\/smart-city.php#anchor_a5c3e309_Smartes-Verkehrsleitsystem-in-der-Innenstadt'\n    title='Smart traffic guidance system for the city of Karlsruhe'\n    target='_blank'\n    class='a-button arrow-up-right '\n    \n    \n  >\n\n      \n<svg class=\"a-icon a-icon--arrow-up-right\" aria-label=\"arrow-up-right\"><use xlink:href=\"#icon-arrow-up-right\"><\/use><\/svg>\n    <span>Smart traffic guidance system for the city of Karlsruhe<\/span>\n\n  <\/a>\n          <\/footer>\n              <\/div>\n    <\/div>\n  <\/div>\n<\/div>\n<\/div>\n\n                <div\n  \n  data-type=\"module\"\n  data-name=\"generic_media_text\"\n  class=\"h-pt-0 none h-pb-xl none\"\n>\n  <div class=\"o-media-text o-media-text--media-right h-clearfix\">\n  <div class=\"o-media-text__wrapper-media\">\n          <div class='m-media-full o-media-text__media'>\n  \n\n<div class=\"a-image \">\n\t<div class=\"a-image__content\">\n\t\t<picture class=\"a-image__w\" data-subtype=\"jpeg\">\n\t\t\t\t\t\t\t\t\t\t\n\t\t\t\t\t\t\t\n\t\t\t\t\t\t\t<img class=\"a-image__tag\" src=\"https:\/\/karlsruhe.digital\/wp-content\/uploads\/2023\/11\/SMIGHT.jpg\" alt=\"SMIGHT \u2013 multifunktionale Stra\u00dfenlaternen f\u00fcr Karlsruhe\" width=\"1400\" height=\"1016\" loading=\"lazy\" decoding=\"async\">\n\t\t\t\n\t\t<\/picture>\n\t<\/div>\n<\/div>\n\n  \n  <\/div>\n      <\/div>\n\n  <div class=\"o-media-text__wrapper-text h-clearfix\">\n    <div class=\"grid is-mid\">\n      <div class=\"column\" style=\"--m:12;--l:10; \">\n\n        \n<header class=\"m-headline \">\n      \n<h3 class='a-h3 m-headline__heading'>\n  SMIGHT\n<\/h3>\n  \n      <div class=\"s-base m-headline__content\"><h3><em>SMIGHT &#8211; multifunctional streetlights for Karlsruhe<\/em><\/h3>\n<p>In 2014, EnBW&#8217;s corporate start-up SMIGHT started with the idea of developing a street lamp that can do more than just light up. The result has been in place since 2015 in the form of two multifunctional street lamps on Karlsruhe&#8217;s Turmberg. They have energy-saving LED lights and also serve as charging stations for electric vehicles. They are also equipped with an emergency call button and sensors for recording environmental data. Above the rooftops of Karlsruhe, they offer visitors real added value and contribute to increasing the attractiveness of the Turmberg as a popular excursion destination.<\/p>\n<\/div>\n  <\/header>\n\n        \n                  <footer class=\"o-media-text__wrapper-text__footer h-pb-l\">\n            \n\n  <a\n    href='https:\/\/smight.com\/'\n    title='SMIGHT'\n    target='_blank'\n    class='a-button arrow-up-right '\n    \n    \n  >\n\n      \n<svg class=\"a-icon a-icon--arrow-up-right\" aria-label=\"arrow-up-right\"><use xlink:href=\"#icon-arrow-up-right\"><\/use><\/svg>\n    <span>SMIGHT<\/span>\n\n  <\/a>\n          <\/footer>\n              <\/div>\n    <\/div>\n  <\/div>\n<\/div>\n<\/div>\n\n                <div\n  \n  data-type=\"module\"\n  data-name=\"generic_media_text\"\n  class=\"h-pt-0 none h-pb-xl none\"\n>\n  <div class=\"o-media-text o-media-text--media-left h-clearfix\">\n  <div class=\"o-media-text__wrapper-media\">\n          <div class='m-media-full o-media-text__media'>\n  \n\n<div class=\"a-image \">\n\t<div class=\"a-image__content\">\n\t\t<picture class=\"a-image__w\" data-subtype=\"jpeg\">\n\t\t\t\t\t\t\t\t\t\t\n\t\t\t\t\t\t\t\n\t\t\t\t\t\t\t<img class=\"a-image__tag\" src=\"https:\/\/karlsruhe.digital\/wp-content\/uploads\/2023\/11\/Testfeld-Autonomes-Fahren-1.jpg\" alt=\"karlsruhe.digital\" width=\"800\" height=\"534\" loading=\"lazy\" decoding=\"async\">\n\t\t\t\n\t\t<\/picture>\n\t<\/div>\n<\/div>\n\n  \n  <\/div>\n      <\/div>\n\n  <div class=\"o-media-text__wrapper-text h-clearfix\">\n    <div class=\"grid is-mid\">\n      <div class=\"column\" style=\"--m:12;--l:10; --m-start:2; --l-start:3;\">\n\n        \n<header class=\"m-headline \">\n      \n<h3 class='a-h3 m-headline__heading'>\n  Baden-W\u00fcrttemberg autonomous driving test field\n<\/h3>\n  \n      <div class=\"s-base m-headline__content\"><h3><em>Autonomous test field: real laboratory for research &amp; innovation<\/em><\/h3>\n<p>The test field is a real laboratory for mobility concepts. It is intended to promote the development of future-oriented solutions for private and public transportation. Companies and research institutions can test their technologies and services relating to connected and automated driving in everyday traffic here. Under the leadership of the <a href=\"https:\/\/www.fzi.de\/\" target=\"_blank\" rel=\"noopener\">FZI Research Center for Information Technology<\/a>, a consortium is developing, planning and building the test field.<br \/>\nPart of the consortium are: <a href=\"https:\/\/www.fzi.de\/\" target=\"_blank\" rel=\"noopener\">FZI<\/a>, the City of Karlsruhe, <a href=\"https:\/\/www.kit.edu\/\" target=\"_blank\" rel=\"noopener\">Karlsruhe Institute of Technology (KIT)<\/a>, <a href=\"https:\/\/www.h-ka-w.de\/\" target=\"_blank\" rel=\"noopener\">Karlsruhe University of Applied Sciences<\/a>, <a href=\"https:\/\/www.iosb.fraunhofer.de\/\" target=\"_blank\" rel=\"noopener\">Fraunhofer IOSB<\/a>, <a href=\"https:\/\/www.bruchsal.de\/startseite\" target=\"_blank\" rel=\"noopener\">the City and Region of Bruchsal<\/a> and <a href=\"https:\/\/www.hs-heilbronn.de\/de\" target=\"_blank\" rel=\"noopener\">Heilbronn University of Applied Sciences<\/a>. The <a href=\"https:\/\/www.kvv.de\/\" target=\"_blank\" rel=\"noopener\">Karlsruhe transport association KVV<\/a> plays a decisive role as test field operator.<\/p>\n<\/div>\n  <\/header>\n\n        \n                  <footer class=\"o-media-text__wrapper-text__footer h-pb-l\">\n            \n\n  <a\n    href='https:\/\/taf-bw.de\/'\n    title='Baden-W\u00fcrttemberg autonomous driving test field'\n    target='_blank'\n    class='a-button arrow-up-right '\n    \n    \n  >\n\n      \n<svg class=\"a-icon a-icon--arrow-up-right\" aria-label=\"arrow-up-right\"><use xlink:href=\"#icon-arrow-up-right\"><\/use><\/svg>\n    <span>Baden-W\u00fcrttemberg autonomous driving test field<\/span>\n\n  <\/a>\n          <\/footer>\n              <\/div>\n    <\/div>\n  <\/div>\n<\/div>\n<\/div>\n\n                <div\n  \n  data-type=\"module\"\n  data-name=\"generic_media_text\"\n  class=\"h-pt-0 none h-pb-xl none\"\n>\n  <div class=\"o-media-text o-media-text--media-right h-clearfix\">\n  <div class=\"o-media-text__wrapper-media\">\n          <div class='m-media-full o-media-text__media'>\n  \n\n<div class=\"a-image \">\n\t<div class=\"a-image__content\">\n\t\t<picture class=\"a-image__w\" data-subtype=\"jpeg\">\n\t\t\t\t\t\t\t\t\t\t\n\t\t\t\t\t\t\t\n\t\t\t\t\t\t\t<img class=\"a-image__tag\" src=\"https:\/\/karlsruhe.digital\/wp-content\/uploads\/2023\/11\/mobilecitygame.jpeg\" alt=\"karlsruhe.digital\" width=\"1000\" height=\"707\" loading=\"lazy\" decoding=\"async\">\n\t\t\t\n\t\t<\/picture>\n\t<\/div>\n<\/div>\n\n  \n  <\/div>\n      <\/div>\n\n  <div class=\"o-media-text__wrapper-text h-clearfix\">\n    <div class=\"grid is-mid\">\n      <div class=\"column\" style=\"--m:12;--l:10; \">\n\n        \n<header class=\"m-headline \">\n      \n<h3 class='a-h3 m-headline__heading'>\n  MobileCityGame\n<\/h3>\n  \n      <div class=\"s-base m-headline__content\"><h3>An app that makes the core functions of complex traffic models accessible<\/h3>\n<p>Fundamental decisions on mobility planning in municipalities are often made on instinct. The &#8220;MobileCity&#8221; app aims to change that. It makes the core functions of complex traffic models accessible &#8211; intuitively, as a game. Using Karlsruhe as an example, the effects and dependencies of various interventions in urban traffic on the climate, quality of life and finances can be experienced dynamically up to 2050. The factual images of the future are intended to make debates clearer and more informed, facilitate participation and also support teaching at universities and colleges. The app is based on scientific simulation and analysis models, expert knowledge and data from the city of Karlsruhe. It is the only app in the world that runs a complete traffic model locally on digital devices.<\/p>\n<\/div>\n  <\/header>\n\n        \n                  <footer class=\"o-media-text__wrapper-text__footer h-pb-l\">\n            \n\n  <a\n    href='https:\/\/www.isi.fraunhofer.de\/de\/competence-center\/nachhaltigkeit-infrastruktursysteme\/projekte\/mobilecitygame.html'\n    title='MobileCityGame'\n    target='_blank'\n    class='a-button arrow-up-right '\n    \n    \n  >\n\n      \n<svg class=\"a-icon a-icon--arrow-up-right\" aria-label=\"arrow-up-right\"><use xlink:href=\"#icon-arrow-up-right\"><\/use><\/svg>\n    <span>MobileCityGame<\/span>\n\n  <\/a>\n          <\/footer>\n              <\/div>\n    <\/div>\n  <\/div>\n<\/div>\n<\/div>\n\n      <\/section>\n","protected":false},"excerpt":{"rendered":"","protected":false},"author":1,"featured_media":0,"parent":1596,"menu_order":4,"comment_status":"closed","ping_status":"closed","template":"","meta":{"_acf_changed":false,"footnotes":""},"theme":[38],"class_list":["post-1586","page","type-page","status-publish","hentry"],"acf":[],"yoast_head":"<!-- This site is optimized with the Yoast SEO Premium plugin v28.3 (Yoast SEO v28.3) - https:\/\/yoast.com\/product\/yoast-seo-premium-wordpress\/ -->\n<title>Smart Mobility - karlsruhe.digital<\/title>\n<meta name=\"description\" content=\"Smart Mobility in Karlsruhe promotes local transportation and ensures better networking between transport users.\" \/>\n<meta name=\"robots\" content=\"index, follow, max-snippet:-1, max-image-preview:large, max-video-preview:-1\" \/>\n<link rel=\"canonical\" href=\"https:\/\/karlsruhe.digital\/en\/smart-city\/smart-mobility\/\" \/>\n<meta property=\"og:locale\" content=\"en_US\" \/>\n<meta property=\"og:type\" content=\"article\" \/>\n<meta property=\"og:title\" content=\"Smart Mobility\" \/>\n<meta property=\"og:description\" content=\"Smart Mobility in Karlsruhe promotes local transportation and ensures better networking between transport users.\" \/>\n<meta property=\"og:url\" content=\"https:\/\/karlsruhe.digital\/en\/smart-city\/smart-mobility\/\" \/>\n<meta property=\"og:site_name\" content=\"karlsruhe.digital\" \/>\n<meta property=\"article:publisher\" content=\"https:\/\/www.facebook.com\/karlsruhe.digital\" \/>\n<meta property=\"article:modified_time\" content=\"2025-08-28T07:42:51+00:00\" \/>\n<meta property=\"og:image\" content=\"https:\/\/karlsruhe.digital\/wp-content\/uploads\/2024\/01\/kadi-og-image.png\" \/>\n\t<meta property=\"og:image:width\" content=\"1200\" \/>\n\t<meta property=\"og:image:height\" content=\"630\" \/>\n\t<meta property=\"og:image:type\" content=\"image\/png\" \/>\n<meta name=\"twitter:card\" content=\"summary_large_image\" \/>\n<meta name=\"twitter:site\" content=\"@KA_digital\" \/>\n<script type=\"application\/ld+json\" class=\"yoast-schema-graph\">{\"@context\":\"https:\\\/\\\/schema.org\",\"@graph\":[{\"@type\":[\"Article\",\"BlogPosting\"],\"@id\":\"https:\\\/\\\/karlsruhe.digital\\\/en\\\/smart-city\\\/smart-mobility\\\/#article\",\"isPartOf\":{\"@id\":\"https:\\\/\\\/karlsruhe.digital\\\/en\\\/smart-city\\\/smart-mobility\\\/\"},\"author\":{\"name\":\"karlsruhe.digital\",\"@id\":\"https:\\\/\\\/karlsruhe.digital\\\/en\\\/#\\\/schema\\\/person\\\/eef822a17616068f953f8f2922d9e59e\"},\"headline\":\"Smart Mobility\",\"datePublished\":\"2023-11-13T13:10:23+00:00\",\"dateModified\":\"2025-08-28T07:42:51+00:00\",\"mainEntityOfPage\":{\"@id\":\"https:\\\/\\\/karlsruhe.digital\\\/en\\\/smart-city\\\/smart-mobility\\\/\"},\"wordCount\":2,\"publisher\":{\"@id\":\"https:\\\/\\\/karlsruhe.digital\\\/en\\\/#organization\"},\"inLanguage\":\"en-US\"},{\"@type\":\"WebPage\",\"@id\":\"https:\\\/\\\/karlsruhe.digital\\\/en\\\/smart-city\\\/smart-mobility\\\/\",\"url\":\"https:\\\/\\\/karlsruhe.digital\\\/en\\\/smart-city\\\/smart-mobility\\\/\",\"name\":\"Smart Mobility - karlsruhe.digital\",\"isPartOf\":{\"@id\":\"https:\\\/\\\/karlsruhe.digital\\\/en\\\/#website\"},\"datePublished\":\"2023-11-13T13:10:23+00:00\",\"dateModified\":\"2025-08-28T07:42:51+00:00\",\"description\":\"Smart Mobility in Karlsruhe promotes local transportation and ensures better networking between transport users.\",\"breadcrumb\":{\"@id\":\"https:\\\/\\\/karlsruhe.digital\\\/en\\\/smart-city\\\/smart-mobility\\\/#breadcrumb\"},\"inLanguage\":\"en-US\",\"potentialAction\":[{\"@type\":\"ReadAction\",\"target\":[\"https:\\\/\\\/karlsruhe.digital\\\/en\\\/smart-city\\\/smart-mobility\\\/\"]}]},{\"@type\":\"BreadcrumbList\",\"@id\":\"https:\\\/\\\/karlsruhe.digital\\\/en\\\/smart-city\\\/smart-mobility\\\/#breadcrumb\",\"itemListElement\":[{\"@type\":\"ListItem\",\"position\":1,\"name\":\"Home\",\"item\":\"https:\\\/\\\/karlsruhe.digital\\\/en\\\/\"},{\"@type\":\"ListItem\",\"position\":2,\"name\":\"Smart City\",\"item\":\"https:\\\/\\\/karlsruhe.digital\\\/en\\\/smart-city\\\/\"},{\"@type\":\"ListItem\",\"position\":3,\"name\":\"Smart Mobility\"}]},{\"@type\":\"WebSite\",\"@id\":\"https:\\\/\\\/karlsruhe.digital\\\/en\\\/#website\",\"url\":\"https:\\\/\\\/karlsruhe.digital\\\/en\\\/\",\"name\":\"karlsruhe.digital\",\"description\":\"Motor der Digitalisierung\",\"publisher\":{\"@id\":\"https:\\\/\\\/karlsruhe.digital\\\/en\\\/#organization\"},\"alternateName\":\"karlsruhe.digital\",\"potentialAction\":[{\"@type\":\"SearchAction\",\"target\":{\"@type\":\"EntryPoint\",\"urlTemplate\":\"https:\\\/\\\/karlsruhe.digital\\\/en\\\/?s={search_term_string}\"},\"query-input\":{\"@type\":\"PropertyValueSpecification\",\"valueRequired\":true,\"valueName\":\"search_term_string\"}}],\"inLanguage\":\"en-US\"},{\"@type\":\"Organization\",\"@id\":\"https:\\\/\\\/karlsruhe.digital\\\/en\\\/#organization\",\"name\":\"karlsruhe.digital\",\"alternateName\":\"Motor der Digitalisierung\",\"url\":\"https:\\\/\\\/karlsruhe.digital\\\/en\\\/\",\"logo\":{\"@type\":\"ImageObject\",\"inLanguage\":\"en-US\",\"@id\":\"https:\\\/\\\/karlsruhe.digital\\\/en\\\/#\\\/schema\\\/logo\\\/image\\\/\",\"url\":\"https:\\\/\\\/karlsruhe.digital\\\/wp-content\\\/uploads\\\/2023\\\/11\\\/karlsruhe-digital.webp\",\"contentUrl\":\"https:\\\/\\\/karlsruhe.digital\\\/wp-content\\\/uploads\\\/2023\\\/11\\\/karlsruhe-digital.webp\",\"width\":64,\"height\":64,\"caption\":\"karlsruhe.digital\"},\"image\":{\"@id\":\"https:\\\/\\\/karlsruhe.digital\\\/en\\\/#\\\/schema\\\/logo\\\/image\\\/\"},\"sameAs\":[\"https:\\\/\\\/www.facebook.com\\\/karlsruhe.digital\",\"https:\\\/\\\/x.com\\\/KA_digital\",\"https:\\\/\\\/www.instagram.com\\\/karlsruhe.digital\\\/\",\"https:\\\/\\\/de.linkedin.com\\\/company\\\/karlsruhedigital\"],\"ownershipFundingInfo\":\"https:\\\/\\\/karlsruhe.digital\\\/ueber-karlsruhe-digital\\\/organisation\\\/\",\"actionableFeedbackPolicy\":\"https:\\\/\\\/karlsruhe.digital\\\/ueber-karlsruhe-digital\\\/ansprechpersonen\\\/\"},{\"@type\":\"Person\",\"@id\":\"https:\\\/\\\/karlsruhe.digital\\\/en\\\/#\\\/schema\\\/person\\\/eef822a17616068f953f8f2922d9e59e\",\"name\":\"karlsruhe.digital\",\"sameAs\":[\"https:\\\/\\\/karlsruhe.digital\"],\"url\":\"https:\\\/\\\/karlsruhe.digital\\\/en\\\/author\\\/admin\\\/\"}]}<\/script>\n<!-- \/ Yoast SEO Premium plugin. -->","yoast_head_json":{"title":"Smart Mobility - karlsruhe.digital","description":"Smart Mobility in Karlsruhe promotes local transportation and ensures better networking between transport users.","robots":{"index":"index","follow":"follow","max-snippet":"max-snippet:-1","max-image-preview":"max-image-preview:large","max-video-preview":"max-video-preview:-1"},"canonical":"https:\/\/karlsruhe.digital\/en\/smart-city\/smart-mobility\/","og_locale":"en_US","og_type":"article","og_title":"Smart Mobility","og_description":"Smart Mobility in Karlsruhe promotes local transportation and ensures better networking between transport users.","og_url":"https:\/\/karlsruhe.digital\/en\/smart-city\/smart-mobility\/","og_site_name":"karlsruhe.digital","article_publisher":"https:\/\/www.facebook.com\/karlsruhe.digital","article_modified_time":"2025-08-28T07:42:51+00:00","og_image":[{"width":1200,"height":630,"url":"https:\/\/karlsruhe.digital\/wp-content\/uploads\/2024\/01\/kadi-og-image.png","type":"image\/png"}],"twitter_card":"summary_large_image","twitter_site":"@KA_digital","schema":{"@context":"https:\/\/schema.org","@graph":[{"@type":["Article","BlogPosting"],"@id":"https:\/\/karlsruhe.digital\/en\/smart-city\/smart-mobility\/#article","isPartOf":{"@id":"https:\/\/karlsruhe.digital\/en\/smart-city\/smart-mobility\/"},"author":{"name":"karlsruhe.digital","@id":"https:\/\/karlsruhe.digital\/en\/#\/schema\/person\/eef822a17616068f953f8f2922d9e59e"},"headline":"Smart Mobility","datePublished":"2023-11-13T13:10:23+00:00","dateModified":"2025-08-28T07:42:51+00:00","mainEntityOfPage":{"@id":"https:\/\/karlsruhe.digital\/en\/smart-city\/smart-mobility\/"},"wordCount":2,"publisher":{"@id":"https:\/\/karlsruhe.digital\/en\/#organization"},"inLanguage":"en-US"},{"@type":"WebPage","@id":"https:\/\/karlsruhe.digital\/en\/smart-city\/smart-mobility\/","url":"https:\/\/karlsruhe.digital\/en\/smart-city\/smart-mobility\/","name":"Smart Mobility - karlsruhe.digital","isPartOf":{"@id":"https:\/\/karlsruhe.digital\/en\/#website"},"datePublished":"2023-11-13T13:10:23+00:00","dateModified":"2025-08-28T07:42:51+00:00","description":"Smart Mobility in Karlsruhe promotes local transportation and ensures better networking between transport users.","breadcrumb":{"@id":"https:\/\/karlsruhe.digital\/en\/smart-city\/smart-mobility\/#breadcrumb"},"inLanguage":"en-US","potentialAction":[{"@type":"ReadAction","target":["https:\/\/karlsruhe.digital\/en\/smart-city\/smart-mobility\/"]}]},{"@type":"BreadcrumbList","@id":"https:\/\/karlsruhe.digital\/en\/smart-city\/smart-mobility\/#breadcrumb","itemListElement":[{"@type":"ListItem","position":1,"name":"Home","item":"https:\/\/karlsruhe.digital\/en\/"},{"@type":"ListItem","position":2,"name":"Smart City","item":"https:\/\/karlsruhe.digital\/en\/smart-city\/"},{"@type":"ListItem","position":3,"name":"Smart Mobility"}]},{"@type":"WebSite","@id":"https:\/\/karlsruhe.digital\/en\/#website","url":"https:\/\/karlsruhe.digital\/en\/","name":"karlsruhe.digital","description":"Motor der Digitalisierung","publisher":{"@id":"https:\/\/karlsruhe.digital\/en\/#organization"},"alternateName":"karlsruhe.digital","potentialAction":[{"@type":"SearchAction","target":{"@type":"EntryPoint","urlTemplate":"https:\/\/karlsruhe.digital\/en\/?s={search_term_string}"},"query-input":{"@type":"PropertyValueSpecification","valueRequired":true,"valueName":"search_term_string"}}],"inLanguage":"en-US"},{"@type":"Organization","@id":"https:\/\/karlsruhe.digital\/en\/#organization","name":"karlsruhe.digital","alternateName":"Motor der Digitalisierung","url":"https:\/\/karlsruhe.digital\/en\/","logo":{"@type":"ImageObject","inLanguage":"en-US","@id":"https:\/\/karlsruhe.digital\/en\/#\/schema\/logo\/image\/","url":"https:\/\/karlsruhe.digital\/wp-content\/uploads\/2023\/11\/karlsruhe-digital.webp","contentUrl":"https:\/\/karlsruhe.digital\/wp-content\/uploads\/2023\/11\/karlsruhe-digital.webp","width":64,"height":64,"caption":"karlsruhe.digital"},"image":{"@id":"https:\/\/karlsruhe.digital\/en\/#\/schema\/logo\/image\/"},"sameAs":["https:\/\/www.facebook.com\/karlsruhe.digital","https:\/\/x.com\/KA_digital","https:\/\/www.instagram.com\/karlsruhe.digital\/","https:\/\/de.linkedin.com\/company\/karlsruhedigital"],"ownershipFundingInfo":"https:\/\/karlsruhe.digital\/ueber-karlsruhe-digital\/organisation\/","actionableFeedbackPolicy":"https:\/\/karlsruhe.digital\/ueber-karlsruhe-digital\/ansprechpersonen\/"},{"@type":"Person","@id":"https:\/\/karlsruhe.digital\/en\/#\/schema\/person\/eef822a17616068f953f8f2922d9e59e","name":"karlsruhe.digital","sameAs":["https:\/\/karlsruhe.digital"],"url":"https:\/\/karlsruhe.digital\/en\/author\/admin\/"}]}},"_links":{"self":[{"href":"https:\/\/karlsruhe.digital\/en\/wp-json\/wp\/v2\/pages\/1586","targetHints":{"allow":["GET"]}}],"collection":[{"href":"https:\/\/karlsruhe.digital\/en\/wp-json\/wp\/v2\/pages"}],"about":[{"href":"https:\/\/karlsruhe.digital\/en\/wp-json\/wp\/v2\/types\/page"}],"author":[{"embeddable":true,"href":"https:\/\/karlsruhe.digital\/en\/wp-json\/wp\/v2\/users\/1"}],"replies":[{"embeddable":true,"href":"https:\/\/karlsruhe.digital\/en\/wp-json\/wp\/v2\/comments?post=1586"}],"version-history":[{"count":14,"href":"https:\/\/karlsruhe.digital\/en\/wp-json\/wp\/v2\/pages\/1586\/revisions"}],"predecessor-version":[{"id":17133,"href":"https:\/\/karlsruhe.digital\/en\/wp-json\/wp\/v2\/pages\/1586\/revisions\/17133"}],"up":[{"embeddable":true,"href":"https:\/\/karlsruhe.digital\/en\/wp-json\/wp\/v2\/pages\/1596"}],"wp:attachment":[{"href":"https:\/\/karlsruhe.digital\/en\/wp-json\/wp\/v2\/media?parent=1586"}],"wp:term":[{"taxonomy":"theme","embeddable":true,"href":"https:\/\/karlsruhe.digital\/en\/wp-json\/wp\/v2\/theme?post=1586"}],"curies":[{"name":"wp","href":"https:\/\/api.w.org\/{rel}","templated":true}]}}